{"id":1430,"date":"2017-11-07T10:08:21","date_gmt":"2017-11-07T09:08:21","guid":{"rendered":"http:\/\/www.gq-bayern.de\/?page_id=1430"},"modified":"2026-01-20T16:10:22","modified_gmt":"2026-01-20T15:10:22","slug":"structure","status":"publish","type":"page","link":"https:\/\/www.gq-bayern.de\/en\/about-gq-bayern\/structure\/","title":{"rendered":"Structure"},"content":{"rendered":"<div class=\"wpb-content-wrapper\"><p>[vc_row full_width=&#8221;stretch_row_content_no_spaces&#8221;][vc_column][rev_slider_vc alias=&#8221;aufbau&#8221;][\/vc_column][\/vc_row][vc_row][vc_column width=&#8221;1\/4&#8243; offset=&#8221;vc_hidden-md vc_hidden-sm vc_hidden-xs&#8221;][\/vc_column][vc_column offset=&#8221;vc_col-lg-6 vc_col-md-12 vc_col-xs-12&#8243;][vc_column_text]<\/p>\n<h1>Structure<\/h1>\n<p>[\/vc_column_text][vc_column_text]<span lang=\"EN-GB\">If your company would like to use the \u2018Gepr\u00fcfte Qualit\u00e4t \u2013 Bayern\u2019 seal to mark your products, please contact a \u2018licensee\u2019. Licensees are permitted to grant you the right to use the seal after the associated testing. Your company will then be known as a \u2018seal user\u2019. The seal and its specifications were developed by the Free State of Bavaria, making the latter the \u2018seal sponsor\u2019.<\/span><\/p>\n<p><span lang=\"EN-GB\">So how does it all work in detail?<\/span>[\/vc_column_text][vc_column_text]<\/p>\n<h4>Seal sponsor<\/h4>\n<p>The sponsor of the \u2018Gepr\u00fcfte Qualit\u00e4t \u2013 Bayern\u2019 marking is the Free State of Bavaria represented by the Bavarian State Ministry for Food, Agriculture and Forestries. The seal sponsor decides on the awarding of licences and approval of quality and test regulations.[\/vc_column_text][vc_separator color=&#8221;custom&#8221; border_width=&#8221;3&#8243; accent_color=&#8221;#6cafd3&#8243;][vc_column_text]<\/p>\n<h4>Licensee<\/h4>\n<p>Licensees grant the right to use the marking to companies in the European Union that are active in the agriculture, food and food trading industries (seal users). Only companies who have signed a seal usage agreement with a licensee may use the \u2018Gepr\u00fcfte Qualit\u00e4t \u2013 Bayern\u2019 seal.<\/p>\n<p>Organisations, associations or consortia in the European Union who are active in the agriculture and food industries and can ensure the furnishing of evidence and ensure compliance as prescribed by the seal&#8217;s regulations may become licensees of the \u2018Gepr\u00fcfte Qualit\u00e4t \u2013 Bayern\u2019 marking.<\/p>\n<p>Licensees also coordinate the required monitoring measures with seal users and other programme participants. To do so, they appoint independent certification bodies to monitor companies&#8217; compliance with programme requirements and to ensure they are using the seal properly.[\/vc_column_text][vc_separator color=&#8221;custom&#8221; border_width=&#8221;3&#8243; accent_color=&#8221;#6cafd3&#8243;][vc_column_text]<\/p>\n<h4>Seal users<\/h4>\n<p>Theoretically all companies in member states of the European Union involved in the agriculture, food and food trading industries may use the quality and origin seal to mark their products, provided that:<\/p>\n<ul>\n<li>the seal usage regulations are complied with<\/li>\n<li>the company has signed a seal usage agreement with a licensee approved by the seal sponsor, and<\/li>\n<li>after an independent certification body has confirmed compliance with the respective regulations through on-premises company testing and issued the company a corresponding certificate<\/li>\n<\/ul>\n<p>The company makes an application with the licensee to use the seal. The licensee assesses the company&#8217;s compliance with programme regulations. If the applicant meets the requirements, the company signs a seal usage agreement with the licensee.<\/p>\n<p>Companies that would like to use the \u2018Gepr\u00fcfte Qualit\u00e4t \u2013 Bayern\u2019 seal to mark their products in one or more categories must make a written application with a licensee authorised for those categories.<\/p>\n<p>The following companies in the agriculture, food and food trading industries in the member states of the European Union are currently seal users in accordance with the programme regulations and are permitted to use the \u2018Gepr\u00fcfte Qualit\u00e4t \u2013 Bayern\u2019 seal to mark their certified product areas:<\/p>\n<p><a href=\"https:\/\/www.gq-bayern.de\/fileadmin\/user_upload\/documents\/gq\/GQ-Bayern-Herstellerliste_aktuell.pdf\"><strong>&gt;&gt; list of all seal users and manufacturers of GQ-Bayern products<\/strong><\/a>[\/vc_column_text][\/vc_column][vc_column width=&#8221;1\/4&#8243; offset=&#8221;vc_hidden-md vc_hidden-sm vc_hidden-xs&#8221;][\/vc_column][\/vc_row][vc_row][vc_column width=&#8221;1\/4&#8243;][\/vc_column][vc_column width=&#8221;1\/2&#8243;][vc_column_text]<strong><span lang=\"EN-GB\" style=\"font-family: Times;\">Organisations seeking to become licensees make a written application to do so with the seal sponsor:\u00a0<\/span><\/strong><\/p>\n<p><span lang=\"EN-GB\">Bayerisches Staatministerium f\u00fcr<br \/>\nErn\u00e4hrung, Landwirtschaft und Forsten<br \/>\nReferat M1<br \/>\nLudwigstra\u00dfe 2<br \/>\n80539 Munich<\/span>[\/vc_column_text][vc_separator color=&#8221;custom&#8221; border_width=&#8221;3&#8243; accent_color=&#8221;#6cafd3&#8243;][vc_column_text]<\/p>\n<h2><strong>The following licensees are currently authorised:<\/strong><\/h2>\n<p>[\/vc_column_text][vc_tta_accordion style=&#8221;flat&#8221; shape=&#8221;square&#8221; spacing=&#8221;10&#8243; gap=&#8221;5&#8243; active_section=&#8221;0&#8243; no_fill=&#8221;true&#8221; collapsible_all=&#8221;true&#8221;][vc_tta_section title=&#8221;Landwirtschaftliche Qualit\u00e4tssicherung Bayern GmbH &#8221; tab_id=&#8221;1505036313677-3aee988c-e08d&#8221;][vc_column_text]<\/p>\n<p style=\"text-align: left; padding-left: 30px;\"><strong>F\u00fcr alle Produktbereiche<\/strong><\/p>\n<p style=\"text-align: left; padding-left: 30px;\"><strong>Landwirtschaftliche Qualit\u00e4tssicherung Bayern (LQB) GmbH<\/strong><br \/>\nMax-Joseph-Stra\u00dfe 9<br \/>\n80333 M\u00fcnchen<br \/>\nTel.: 08139 9368-35<br \/>\nFax: 08139 9368-57<br \/>\nE-Mail: info@lq-bayern.de<\/p>\n<p>[\/vc_column_text][\/vc_tta_section][vc_tta_section title=&#8221;Landeskuratorium f\u00fcr pflanzliche Erzeugung in Bayern e.V.&#8221; tab_id=&#8221;1505036471503-08829fd6-6893&#8243;][vc_column_text]<\/p>\n<p style=\"padding-left: 30px;\"><strong>F\u00fcr die Produktbereiche:<\/strong> Bier, Brot und Kleingeb\u00e4ck, Brotgetreide, Feinsauere Delikatessen und Gem\u00fcsekonserven, Gem\u00fcse einschlie\u00dflich Salate, Kern- und Steinobst, Mehl und Mahlerzeugnisse, Nudeln aus Hartweizengrie\u00df, Obstbr\u00e4nde und andere Spirituosen, Raps-Speise\u00f6l, Saatgut, Speise- und Speisefr\u00fchkartoffeln sowie Veredelungskartoffeln<\/p>\n<p style=\"padding-left: 30px;\"><strong>Landeskuratorium f\u00fcr pflanzliche Erzeugung in Bayern e.V.\u00a0<\/strong><br \/>\nLandsberger Stra\u00dfe 28<br \/>\n280687 M\u00fcnchen<br \/>\nTelefon: 089 290063-0<br \/>\nFax: 089 290063-20<br \/>\nE-Mail: poststelle@lkp.bayern.de<\/p>\n<p>[\/vc_column_text][\/vc_tta_section][vc_tta_section title=&#8221;Landesvereinigung der Bayerischen Milchwirtschaft&#8221; tab_id=&#8221;1505036133281-b4248fe7-f0b5&#8243;][vc_column_text]<\/p>\n<p style=\"padding-left: 30px;\"><strong>F\u00fcr die Produktbereiche Milch und Erzeugnisse auf Milchbasis<\/strong><\/p>\n<p style=\"padding-left: 30px;\"><strong>Landesvereinigung der Bayer. Milchwirtschaft e.V.<br \/>\n<\/strong>Kaiser-Ludwig-Platz 2<br \/>\n80336 M\u00fcnchen<br \/>\nTel.: 089 54422524<br \/>\nFax: 089 534595<br \/>\nE-Mail: h.schmaus@milchland-bayern.de<\/p>\n<p>[\/vc_column_text][\/vc_tta_section][vc_tta_section title=&#8221;MI-CERT Zertifizierungsgesellschaft mbH&#8221; tab_id=&#8221;1505036756267-59fd709f-160a&#8221;][vc_column_text]<\/p>\n<p style=\"padding-left: 30px;\"><strong>F\u00fcr alle Produktbereiche<\/strong><\/p>\n<p style=\"padding-left: 30px;\"><strong>MI-CERT Zertifizierungsgesellschaft mbH\u00a0<\/strong><br \/>\nUntere Sandstra\u00dfe 53<br \/>\nD-96049 Bamberg<br \/>\nTel.: 0951 519 39 33-0<br \/>\nFax: 0951 519 39 33-55<br \/>\nE-Mail: info@mi-cert.de<\/p>\n<p>[\/vc_column_text][\/vc_tta_section][vc_tta_section title=&#8221;Landesverband Bayerischer Landwirtschaftlicher Wildhalter e.V. &#8221; tab_id=&#8221;1505036793461-859bc59d-52e3&#8243;][vc_column_text]<\/p>\n<p style=\"padding-left: 30px;\"><strong>F\u00fcr den Produktbereich Gehegewild und Fleisch von Gehegewild<\/strong><\/p>\n<p style=\"padding-left: 30px;\"><strong>Landesverband Bayerischer Landwirtschaftlicher Wildhalter e.V.<br \/>\n<\/strong>Max-Joseph-Stra\u00dfe 9<br \/>\n80333 M\u00fcnchen<br \/>\nTel.: 089 55873 113<br \/>\nFax: 089 55873 383<br \/>\nE-Mail: Wildhalter@BayerischerBauernVerband.de<\/p>\n<p>[\/vc_column_text][\/vc_tta_section][vc_tta_section title=&#8221;Landesvereinigung f\u00fcr den \u00f6kologischen Landbau in Bayern e.V. &#8221; tab_id=&#8221;1505036834029-07a8b6b4-c298&#8243;][vc_column_text]<\/p>\n<p style=\"padding-left: 30px;\"><strong>F\u00fcr den Produktbereich Rinder und Rindfleisch<\/strong><\/p>\n<p style=\"padding-left: 30px;\"><strong>Landesvereinigung f\u00fcr den \u00f6kologischen Landbau in Bayern e.V.<\/strong>\u00a0<strong>(LV\u00d6)<br \/>\n<\/strong>Landsberger Str. 52<br \/>\n781241 M\u00fcnchen<br \/>\nTel.: 089 4423190-0<br \/>\nFax: 089 4423190-29<br \/>\nE-Mail: info@lvoe.de<\/p>\n<p>[\/vc_column_text][\/vc_tta_section][vc_tta_section title=&#8221;Bayerischer Brauerbund e.V.&#8221; tab_id=&#8221;1505036861823-6556b5a8-9dfe&#8221;][vc_column_text]<\/p>\n<p style=\"padding-left: 30px;\">F\u00fcr den Produktbereich Bier<\/p>\n<p style=\"padding-left: 30px;\">Adresse hinterlegen (vgl. Bio-Siegel):<br \/>\n<strong>Bayerischer Brauerbund e.V.<br \/>\n<\/strong>Postfach 34 01<br \/>\n6280098 M\u00fcnchen<br \/>\nTel.: 089 28 66 04-0<br \/>\nFax: 089 28 66 04-99<br \/>\nE-Mail: brauerbund@bayerisches-bier.de<\/p>\n<p>[\/vc_column_text][\/vc_tta_section][vc_tta_section title=&#8221;Private Brauereien Bayern e.V.&#8221; tab_id=&#8221;1505036920726-69fcd60f-d4c0&#8243;][vc_column_text]<\/p>\n<p style=\"padding-left: 30px;\"><strong>F\u00fcr den Produktbereich Bier<\/strong><\/p>\n<p style=\"padding-left: 30px;\"><strong>Private Brauereien Bayern e. V.<br \/>\n<\/strong>Thomas-Wimmer-Ring 9<br \/>\n80539 M\u00fcnchen<br \/>\nTel.: 089 29 09 56 0<br \/>\nFax: 089 22 01 79<br \/>\nE-Mail: info@private-brauereien-bayern.de<\/p>\n<p>[\/vc_column_text][\/vc_tta_section][\/vc_tta_accordion][vc_empty_space height=&#8221;30px&#8221;][vc_separator color=&#8221;custom&#8221; border_width=&#8221;3&#8243; accent_color=&#8221;#6cafd3&#8243;][vc_single_image image=&#8221;270&#8243; img_size=&#8221;120&#215;153&#8243; alignment=&#8221;center&#8221; onclick=&#8221;custom_link&#8221; link=&#8221;https:\/\/www.gq-bayern.de\/&#8221;][vc_empty_space height=&#8221;60px&#8221;][\/vc_column][vc_column width=&#8221;1\/4&#8243;][\/vc_column][\/vc_row][vc_row][vc_column][\/vc_column][\/vc_row]<\/p>\n<\/div>","protected":false},"excerpt":{"rendered":"<p>[vc_row full_width=&#8221;stretch_row_content_no_spaces&#8221;][vc_column][rev_slider_vc alias=&#8221;aufbau&#8221;][\/vc_column][\/vc_row][vc_row][vc_column width=&#8221;1\/4&#8243; offset=&#8221;vc_hidden-md vc_hidden-sm vc_hidden-xs&#8221;][\/vc_column][vc_column offset=&#8221;vc_col-lg-6 vc_col-md-12 vc_col-xs-12&#8243;][vc_column_text] Structure [\/vc_column_text][vc_column_text]If your company would like to use the \u2018Gepr\u00fcfte Qualit\u00e4t \u2013 Bayern\u2019 seal to mark<span class=\"excerpt-hellip\"> [\u2026]<\/span><\/p>\n","protected":false},"author":29,"featured_media":-1,"parent":1425,"menu_order":0,"comment_status":"closed","ping_status":"closed","template":"","meta":{"_acf_changed":false,"footnotes":""},"class_list":["post-1430","page","type-page","status-publish","has-post-thumbnail","hentry"],"acf":[],"yoast_head":"<!-- This site is optimized with the Yoast SEO plugin v27.4 - https:\/\/yoast.com\/product\/yoast-seo-wordpress\/ -->\n<title>Structure - GQ Bayern<\/title>\n<meta name=\"robots\" content=\"index, follow, max-snippet:-1, max-image-preview:large, max-video-preview:-1\" \/>\n<link rel=\"canonical\" href=\"https:\/\/www.gq-bayern.de\/en\/about-gq-bayern\/structure\/\" \/>\n<meta property=\"og:locale\" content=\"en_US\" \/>\n<meta property=\"og:type\" content=\"article\" \/>\n<meta property=\"og:title\" content=\"Structure - GQ Bayern\" \/>\n<meta property=\"og:description\" content=\"[vc_row full_width=&#8221;stretch_row_content_no_spaces&#8221;][vc_column][rev_slider_vc alias=&#8221;aufbau&#8221;][\/vc_column][\/vc_row][vc_row][vc_column width=&#8221;1\/4&#8243; offset=&#8221;vc_hidden-md vc_hidden-sm vc_hidden-xs&#8221;][\/vc_column][vc_column offset=&#8221;vc_col-lg-6 vc_col-md-12 vc_col-xs-12&#8243;][vc_column_text] Structure [\/vc_column_text][vc_column_text]If your company would like to use the \u2018Gepr\u00fcfte Qualit\u00e4t \u2013 Bayern\u2019 seal to mark [\u2026]\" \/>\n<meta property=\"og:url\" content=\"https:\/\/www.gq-bayern.de\/en\/about-gq-bayern\/structure\/\" \/>\n<meta property=\"og:site_name\" content=\"GQ Bayern\" \/>\n<meta property=\"article:modified_time\" content=\"2026-01-20T15:10:22+00:00\" \/>\n<meta name=\"twitter:card\" content=\"summary_large_image\" \/>\n<meta name=\"twitter:label1\" content=\"Est. reading time\" \/>\n\t<meta name=\"twitter:data1\" content=\"5 minutes\" \/>\n<script type=\"application\/ld+json\" class=\"yoast-schema-graph\">{\"@context\":\"https:\\\/\\\/schema.org\",\"@graph\":[{\"@type\":\"WebPage\",\"@id\":\"https:\\\/\\\/www.gq-bayern.de\\\/en\\\/about-gq-bayern\\\/structure\\\/\",\"url\":\"https:\\\/\\\/www.gq-bayern.de\\\/en\\\/about-gq-bayern\\\/structure\\\/\",\"name\":\"Structure - GQ Bayern\",\"isPartOf\":{\"@id\":\"https:\\\/\\\/www.gq-bayern.de\\\/#website\"},\"datePublished\":\"2017-11-07T09:08:21+00:00\",\"dateModified\":\"2026-01-20T15:10:22+00:00\",\"breadcrumb\":{\"@id\":\"https:\\\/\\\/www.gq-bayern.de\\\/en\\\/about-gq-bayern\\\/structure\\\/#breadcrumb\"},\"inLanguage\":\"en-US\",\"potentialAction\":[{\"@type\":\"ReadAction\",\"target\":[\"https:\\\/\\\/www.gq-bayern.de\\\/en\\\/about-gq-bayern\\\/structure\\\/\"]}]},{\"@type\":\"BreadcrumbList\",\"@id\":\"https:\\\/\\\/www.gq-bayern.de\\\/en\\\/about-gq-bayern\\\/structure\\\/#breadcrumb\",\"itemListElement\":[{\"@type\":\"ListItem\",\"position\":1,\"name\":\"Startseite\",\"item\":\"https:\\\/\\\/www.gq-bayern.de\\\/en\\\/\"},{\"@type\":\"ListItem\",\"position\":2,\"name\":\"About GQ-Bayern\",\"item\":\"https:\\\/\\\/www.gq-bayern.de\\\/en\\\/about-gq-bayern\\\/\"},{\"@type\":\"ListItem\",\"position\":3,\"name\":\"Structure\"}]},{\"@type\":\"WebSite\",\"@id\":\"https:\\\/\\\/www.gq-bayern.de\\\/#website\",\"url\":\"https:\\\/\\\/www.gq-bayern.de\\\/\",\"name\":\"GQ Bayern\",\"description\":\"Qualit\u00e4ts- und Herkunftssicherungsprogramm \u201eGepr\u00fcfte Qualit\u00e4t \u2013 Bayern\",\"publisher\":{\"@id\":\"https:\\\/\\\/www.gq-bayern.de\\\/#organization\"},\"potentialAction\":[{\"@type\":\"SearchAction\",\"target\":{\"@type\":\"EntryPoint\",\"urlTemplate\":\"https:\\\/\\\/www.gq-bayern.de\\\/?s={search_term_string}\"},\"query-input\":{\"@type\":\"PropertyValueSpecification\",\"valueRequired\":true,\"valueName\":\"search_term_string\"}}],\"inLanguage\":\"en-US\"},{\"@type\":\"Organization\",\"@id\":\"https:\\\/\\\/www.gq-bayern.de\\\/#organization\",\"name\":\"Gepr\u00fcfte Qualit\u00e4t Bayern\",\"url\":\"https:\\\/\\\/www.gq-bayern.de\\\/\",\"logo\":{\"@type\":\"ImageObject\",\"inLanguage\":\"en-US\",\"@id\":\"https:\\\/\\\/www.gq-bayern.de\\\/#\\\/schema\\\/logo\\\/image\\\/\",\"url\":\"https:\\\/\\\/www.gq-bayern.de\\\/wp-content\\\/uploads\\\/2017\\\/09\\\/GQ_Webseite_Logo.png\",\"contentUrl\":\"https:\\\/\\\/www.gq-bayern.de\\\/wp-content\\\/uploads\\\/2017\\\/09\\\/GQ_Webseite_Logo.png\",\"width\":418,\"height\":534,\"caption\":\"Gepr\u00fcfte Qualit\u00e4t Bayern\"},\"image\":{\"@id\":\"https:\\\/\\\/www.gq-bayern.de\\\/#\\\/schema\\\/logo\\\/image\\\/\"}}]}<\/script>\n<!-- \/ Yoast SEO plugin. -->","yoast_head_json":{"title":"Structure - GQ Bayern","robots":{"index":"index","follow":"follow","max-snippet":"max-snippet:-1","max-image-preview":"max-image-preview:large","max-video-preview":"max-video-preview:-1"},"canonical":"https:\/\/www.gq-bayern.de\/en\/about-gq-bayern\/structure\/","og_locale":"en_US","og_type":"article","og_title":"Structure - GQ Bayern","og_description":"[vc_row full_width=&#8221;stretch_row_content_no_spaces&#8221;][vc_column][rev_slider_vc alias=&#8221;aufbau&#8221;][\/vc_column][\/vc_row][vc_row][vc_column width=&#8221;1\/4&#8243; offset=&#8221;vc_hidden-md vc_hidden-sm vc_hidden-xs&#8221;][\/vc_column][vc_column offset=&#8221;vc_col-lg-6 vc_col-md-12 vc_col-xs-12&#8243;][vc_column_text] Structure [\/vc_column_text][vc_column_text]If your company would like to use the \u2018Gepr\u00fcfte Qualit\u00e4t \u2013 Bayern\u2019 seal to mark [\u2026]","og_url":"https:\/\/www.gq-bayern.de\/en\/about-gq-bayern\/structure\/","og_site_name":"GQ Bayern","article_modified_time":"2026-01-20T15:10:22+00:00","twitter_card":"summary_large_image","twitter_misc":{"Est. reading time":"5 minutes"},"schema":{"@context":"https:\/\/schema.org","@graph":[{"@type":"WebPage","@id":"https:\/\/www.gq-bayern.de\/en\/about-gq-bayern\/structure\/","url":"https:\/\/www.gq-bayern.de\/en\/about-gq-bayern\/structure\/","name":"Structure - GQ Bayern","isPartOf":{"@id":"https:\/\/www.gq-bayern.de\/#website"},"datePublished":"2017-11-07T09:08:21+00:00","dateModified":"2026-01-20T15:10:22+00:00","breadcrumb":{"@id":"https:\/\/www.gq-bayern.de\/en\/about-gq-bayern\/structure\/#breadcrumb"},"inLanguage":"en-US","potentialAction":[{"@type":"ReadAction","target":["https:\/\/www.gq-bayern.de\/en\/about-gq-bayern\/structure\/"]}]},{"@type":"BreadcrumbList","@id":"https:\/\/www.gq-bayern.de\/en\/about-gq-bayern\/structure\/#breadcrumb","itemListElement":[{"@type":"ListItem","position":1,"name":"Startseite","item":"https:\/\/www.gq-bayern.de\/en\/"},{"@type":"ListItem","position":2,"name":"About GQ-Bayern","item":"https:\/\/www.gq-bayern.de\/en\/about-gq-bayern\/"},{"@type":"ListItem","position":3,"name":"Structure"}]},{"@type":"WebSite","@id":"https:\/\/www.gq-bayern.de\/#website","url":"https:\/\/www.gq-bayern.de\/","name":"GQ Bayern","description":"Qualit\u00e4ts- und Herkunftssicherungsprogramm \u201eGepr\u00fcfte Qualit\u00e4t \u2013 Bayern","publisher":{"@id":"https:\/\/www.gq-bayern.de\/#organization"},"potentialAction":[{"@type":"SearchAction","target":{"@type":"EntryPoint","urlTemplate":"https:\/\/www.gq-bayern.de\/?s={search_term_string}"},"query-input":{"@type":"PropertyValueSpecification","valueRequired":true,"valueName":"search_term_string"}}],"inLanguage":"en-US"},{"@type":"Organization","@id":"https:\/\/www.gq-bayern.de\/#organization","name":"Gepr\u00fcfte Qualit\u00e4t Bayern","url":"https:\/\/www.gq-bayern.de\/","logo":{"@type":"ImageObject","inLanguage":"en-US","@id":"https:\/\/www.gq-bayern.de\/#\/schema\/logo\/image\/","url":"https:\/\/www.gq-bayern.de\/wp-content\/uploads\/2017\/09\/GQ_Webseite_Logo.png","contentUrl":"https:\/\/www.gq-bayern.de\/wp-content\/uploads\/2017\/09\/GQ_Webseite_Logo.png","width":418,"height":534,"caption":"Gepr\u00fcfte Qualit\u00e4t Bayern"},"image":{"@id":"https:\/\/www.gq-bayern.de\/#\/schema\/logo\/image\/"}}]}},"_links":{"self":[{"href":"https:\/\/www.gq-bayern.de\/en\/wp-json\/wp\/v2\/pages\/1430","targetHints":{"allow":["GET"]}}],"collection":[{"href":"https:\/\/www.gq-bayern.de\/en\/wp-json\/wp\/v2\/pages"}],"about":[{"href":"https:\/\/www.gq-bayern.de\/en\/wp-json\/wp\/v2\/types\/page"}],"author":[{"embeddable":true,"href":"https:\/\/www.gq-bayern.de\/en\/wp-json\/wp\/v2\/users\/29"}],"replies":[{"embeddable":true,"href":"https:\/\/www.gq-bayern.de\/en\/wp-json\/wp\/v2\/comments?post=1430"}],"version-history":[{"count":1,"href":"https:\/\/www.gq-bayern.de\/en\/wp-json\/wp\/v2\/pages\/1430\/revisions"}],"predecessor-version":[{"id":10032,"href":"https:\/\/www.gq-bayern.de\/en\/wp-json\/wp\/v2\/pages\/1430\/revisions\/10032"}],"up":[{"embeddable":true,"href":"https:\/\/www.gq-bayern.de\/en\/wp-json\/wp\/v2\/pages\/1425"}],"wp:featuredmedia":[{"embeddable":true,"href":"https:\/\/www.gq-bayern.de\/en\/wp-json\/"}],"wp:attachment":[{"href":"https:\/\/www.gq-bayern.de\/en\/wp-json\/wp\/v2\/media?parent=1430"}],"curies":[{"name":"wp","href":"https:\/\/api.w.org\/{rel}","templated":true}]}}